{"id":3729,"date":"2021-10-01T07:36:03","date_gmt":"2021-10-01T05:36:03","guid":{"rendered":"http:\/\/www2.nalsmargreid.com\/?page_id=3729"},"modified":"2022-05-26T11:03:33","modified_gmt":"2022-05-26T09:03:33","slug":"privacy","status":"publish","type":"page","link":"https:\/\/www.nalsmargreid.com\/de\/privacy\/","title":{"rendered":"Privacy"},"content":{"rendered":"\n<p>V. 23.05.2018<\/p>\n\n\n\n<h3 class=\"wp-block-heading\">Hiermit informieren wir Sie \u00fcber den Umgang und die Verwendung Ihren Daten (Art, Umfang und Zweck der Erhebung) und dem Datenschutz auf diesem Onlineangebot (kurz \u201eWebsite\u201c) gem\u00e4\u00df der europ\u00e4ischen Datenschutzgrundverordnung (EU 2016\/679, nachfolgend kurz \u201eDSGVO\u201c).<\/h3>\n\n\n\n<p><strong>Verantwortlicher f\u00fcr die Datenverarbeitung:<\/strong><br>Hannes Geiser<br>info@nalsmargreid.com<br>Tel +39 0471 678626<br><br><strong>Art der verarbeiteten Daten:<\/strong><br><br><em><strong>Navigationsdaten:<\/strong><\/em><br>Die f\u00fcr die Funktion dieser Website ben\u00f6tigten Softwaresysteme und -prozeduren erfassen w\u00e4hrend des normalen Betriebs bestimmte personenbezogene Daten, deren \u00dcbertragung f\u00fcr die Anwendung der Internet-Kommunikationsprotokolle erforderlich ist.<br>Diese Daten werden nur f\u00fcr Zwecke anonymer statistischer Datenerfassung \u00fcber die Benutzung der Website sowie f\u00fcr die \u00dcberpr\u00fcfung deren korrekter Funktion verwendet und werden nur f\u00fcr die dazu erforderliche Zeit aufbewahrt. Die Daten k\u00f6nnen zur Feststellung einer Haftung im Falle eventueller IT-Delikte zum Schaden unserer Website benutzt werden.<br><br><em><strong>Vom Benutzer freiwillig gelieferte Daten:<\/strong><\/em><br>Das ausdr\u00fcckliche und freiwillige Versenden von elektronischer Post an die in dieser Website angegebenen Adressen bedingt die Erfassung der Adresse des Absenders, die zur Beantwortung der Anfragen notwendig ist, sowie allf\u00e4lliger personenbezogener Daten, die in der Mitteilung enthalten sind.<br><br><em><strong>Cookies:<\/strong><\/em><br>Diese Website verwendet Cookies. Cookies sind Textdateien, die auf Ihrem Computer gespeichert werden, wenn Sie eine Webseite besuchen. Kehren Sie auf die gleiche Webseite zur\u00fcck, werden diese Cookies wieder an die Webseite geschickt.<br><br><strong>Das italienische Gesetz unterscheidet zwischen folgenden zwei Cookie-Typen:<\/strong><\/p>\n\n\n\n<ul class=\"wp-block-list\"><li>Die \u201ctechnischen Cookies\u201d werden u.a. f\u00fcr informatische Authentifizierungen, Aufzeichnung von Sitzungen und Speicherung von Informationen auf der Webseite verwendet (ohne die Verwendung von technischen Cookies w\u00e4ren bestimmte Vorg\u00e4nge auf der Webseite nicht m\u00f6glich).<\/li><li>Die \u201cProfilierungs-Cookies\u201d erlauben hingegen die Identifizierung von User-Profilen und werden verwendet um personalisierte Werbung zu schalten.<\/li><\/ul>\n\n\n\n<p>Die Cookies k\u00f6nnen zudem in \u201cdauerhafte\u201d und \u201cSitzungs-\u201c Cookies unterschieden werden. Die Sitzungs-Cookies werden automatisch von Ihrem Computer entfernt, sobald Sie den Browser schlie\u00dfen. Die \u201edauerhaften\u201c Cookies bleiben auf Ihrem Computer gespeichert und werden erst entfernt wenn sie ihr Ablaufdatum erreicht haben oder manuell gel\u00f6scht werden. Einige Cookies, die auf dieser Webseite verwendet werden, stammen von Drittanbietern.<br><br><strong>Die Rechtsgrundlagen f\u00fcr diese Datenverarbeitungsprozesse sind:<\/strong><\/p>\n\n\n\n<ul class=\"wp-block-list\"><li>die Erf\u00fcllung unserer vorvertraglichen und vertraglichen Verpflichtungen Ihnen gegen\u00fcber<\/li><li>von Ihnen eingeholte Einwilligungen<\/li><li>gesetzliche, vertragliche oder sonstige rechtliche Verpflichtungen unsererseits (z.B. Dokumentationsrechte und -pflichten nach dem Rechnungswesen, Steuer- und Zollrecht, Vertragswesen, Meldewesen, oder Rechtsstreitigkeiten)<\/li><li>unsere berechtigten Interessen (z.B. die Verbesserung unseres Kundenservices, auch im Bereich der Direktwerbung, oder die Wahrnehmung unserer eigenen rechtlichen Interessen).<\/li><\/ul>\n\n\n\n<p>Die Dauer der Speicherung bemisst sich nach der Dauer unserer Gesch\u00e4ftsbeziehung, den von Ihnen erteilten Einwilligungen, dar\u00fcber hinaus nach den f\u00fcr uns geltenden gesetzlichen Aufbewahrungspflichten und rechtlichen Verpflichtungen.<br><br><strong>Ihre Rechte:<\/strong><br>Sie k\u00f6nnen jederzeit unentgeltlich Auskunft \u00fcber Ihre personenbezogenen Daten, die von uns gespeichert werden, verlangen. Sie haben als Betroffener auch das Recht auf Widerruf, Auskunft, L\u00f6schung, Richtigstellung, Einschr\u00e4nkung und \u00dcbertragung Ihrer personenbezogenen Daten, soweit dem keine gesetzliche Aufbewahrungspflicht unsererseits gegen\u00fcbersteht. Bei Aus\u00fcbung Ihres Widerrufsrechts werden alle Ihre Daten unwiderruflich gel\u00f6scht, sofern nicht \u00fcbergeordnete gesetzliche Bestimmungen verletzt werden.<br><br>F\u00fcr n\u00e4here Informationen zu Ihren Rechten als Betroffene kontaktieren Sie uns bitte unter der oben angegebenen E-mail-Adresse. Wir helfen Ihnen gerne weiter. F\u00fcr Beschwerden ist als Aufsichtsbeh\u00f6rde der \u201eGarante per la protezione dei dati personali\u201c zust\u00e4ndig: Piazza di Monte Citorio n. 121 00186 ROMA, Fax: (+39) 06.69677.3785, Telefon: (+39) 06.696771, E-mail: garante@gpdp.it.<\/p>\n\n\n\n<h3 class=\"wp-block-heading\">Dienste auf dieser Website die aus berechtigtem Interesse (Rechtm\u00e4\u00dfigkeit der Verarbeitung; Art. 6 Abs. 1 lit. f. DSGVO) verwendet werden<\/h3>\n\n\n\n<p><strong>Google Analytics<\/strong><br>Auf unserer Website wird auf Grundlage unserer berechtigten Interessen (betreffend die Analyse, Optimierung und den wirtschaftlichen Betrieb im Sinne des Art. 6 Abs. 1 lit. f. DSGVO) Google Analytics, einen Webanalysedienst der Google LLC (kurz \u201eGoogle\u201c) eingebunden. Google Analytics verwendet Cookies und die dadurch erzeugten Informationen \u00fcber Benutzung dieser Website durch Sie als Nutzer werden in der Regel an einen Server von Google in den USA \u00fcbertragen und dort gespeichert.<br>Google wird diese Informationen in unserem Auftrag benutzen, um die Nutzung unserer Website (auch Ihren aktuellen Besuch) auszuwerten, um Reports \u00fcber die Aktivit\u00e4ten auf unseren Seiten zusammenzustellen.<br>Dabei k\u00f6nnen aus den verarbeiteten Daten pseudonyme Nutzungsprofile der Nutzer erstellt werden.<br><br>Wir setzen Google Analytics nur mit aktivierter IP-Anonymisierung ein. Das bedeutet, Ihre IP-Adresse wird von Google innerhalb von Mitgliedstaaten der Europ\u00e4ischen Union oder in anderen Vertragsstaaten des Abkommens \u00fcber den Europ\u00e4ischen Wirtschaftsraum gek\u00fcrzt. Nur in Ausnahmef\u00e4llen wird die volle IP-Adresse an einen Server von Google in den USA \u00fcbertragen und dort gek\u00fcrzt.<br><br>Die von Ihrem Browser \u00fcbermittelte IP-Adresse wird nicht mit anderen Daten von Google zusammengef\u00fchrt.<br>Sie k\u00f6nnen die Speicherung der Cookies durch eine entsprechende Einstellung ihrer Browser-Software verhindern; Sie k\u00f6nnen dar\u00fcber hinaus die Erfassung der durch das Cookie erzeugten und auf ihre Nutzung des Onlineangebotes bezogenen Daten an Google sowie die Verarbeitung dieser Daten durch Google verhindern, indem sie das unter <a href=\"http:\/\/tools.google.com\/dlpage\/gaoptout?hl=de\" target=\"_blank\" rel=\"noreferrer noopener\">folgendem Link verf\u00fcgbare Browser-Plugin herunterladen und installieren<\/a>.<br><br>Weitere Informationen zur Datennutzung durch Google, Einstellungs- und Widerspruchsm\u00f6glichkeiten erfahren Sie auf den Webseiten von Google: (<a href=\"https:\/\/www.google.com\/intl\/de\/policies\/privacy\/partners\" target=\"_blank\" rel=\"noreferrer noopener\">\u201eDatennutzung durch Google bei Ihrer Nutzung von Websites oder Apps unserer Partner\u201c<\/a>), (<a href=\"http:\/\/www.google.com\/policies\/technologies\/ads\" target=\"_blank\" rel=\"noreferrer noopener\">\u201eDatennutzung zu Werbezwecken\u201c<\/a>), (<a href=\"http:\/\/www.google.de\/settings\/ads\" target=\"_blank\" rel=\"noreferrer noopener\">\u201eInformationen verwalten, die Google verwendet, um Ihnen Werbung einzublenden\u201c<\/a>).<br><br><strong>Google Fonts<\/strong><br>Um unsere Website (aus brechtigtem Interesse) den grafischen Grundlagen unserer Markenpresenz anzugleichen nutzen wird Schriftarten (sog. WebFonts, genauer \u201eGoogle Fonts\u201c) des Anbieters Google LLC, 1600 Amphitheatre Parkway, Mountain View, CA 94043, USA. Diese werden \u00fcber ein Script eingebunden, wodurch Ihre IP-Adresse an Google gesendet wird.<br><br><strong>Google Maps<\/strong><br>Wir binden auf einer oder mehreren Stellen dieser Website die Karten ( \u201cGoogle Maps\u201d) des Anbieters Google LLC, 1600 Amphitheatre Parkway, Mountain View, CA 94043, USA, ein. Diese werden \u00fcber ein Script eingebunden, wodurch Ihre IP-Adresse und Ihre Standortdaten (jedoch nicht ohne die Einwilligung, im Regelfall im Rahmen der get\u00e4tigten Einstellungen ihres Mobilger\u00e4tes) an Google gesendet werden. Die Daten k\u00f6nnen in den USA verarbeitet werden.<br><br><strong>\u201eGoogle+\u201c-Social-Plug-in<\/strong><br>In unserem Internetauftritt setzen wir das Plug-in des Social-Networks Google+ (\u201eGoogle Plus\u201c) des Anbieters Google LLC, 1600 Amphitheatre Parkway, Mountain View, CA 94043, USA, ein.<br>Weitergehende Informationen \u00fcber das Plug-ins h\u00e4lt Google <a href=\"https:\/\/developers.google.com\/+\/web\/\" target=\"_blank\" rel=\"noreferrer noopener\">hier<\/a> f\u00fcr Sie bereit.<br><br>Sofern das Plug-in auf einer der von Ihnen besuchten Seiten unseres Internetauftritts hinterlegt ist, l\u00e4dt Ihr Internet-Browser eine Darstellung des Plug-ins von den Servern von Google in den USA herunter. Aus technischen Gr\u00fcnden ist es dabei notwendig, dass Google Ihre IP-Adresse verarbeitet. Daneben werden aber auch Datum und Uhrzeit des Besuchs unserer Internetseiten erfasst.<br><br>Sollten Sie bei Google eingeloggt sein, w\u00e4hrend Sie eine unserer mit dem Plug-in versehenen Internetseite besuchen, werden die durch das Plug-in gesammelten Informationen Ihres konkreten Besuchs von Google erkannt. Die so gesammelten Informationen weist Google wom\u00f6glich Ihrem dortigen pers\u00f6nlichen Nutzerkonto zu. Sofern Sie also bspw. den sog. \u201eTeilen\u201c-Button von Google benutzen, werden diese Informationen in Ihrem Google-Nutzerkonto gespeichert und ggf. \u00fcber die Plattform von Google ver\u00f6ffentlicht. Wenn Sie das verhindern m\u00f6chten, m\u00fcssen Sie sich entweder vor dem Besuch unseres Internetauftritts bei Google ausloggen oder die entsprechenden Einstellungen in Ihrem Google-Benutzerkonto vornehmen.<br><br>Google ist unter dem <a href=\"https:\/\/www.privacyshield.gov\/participant?id=a2zt000000001L5AAI&amp;status=Active\" target=\"_blank\" rel=\"noreferrer noopener\">Privacy-Shield-Abkommen zertifiziert<\/a> und bietet hierdurch eine Garantie, das europ\u00e4ische Datenschutzrecht einzuhalten.<\/p>\n\n\n\n<ul class=\"wp-block-list\"><li><a href=\"https:\/\/policies.google.com\/privacy?hl=de\" target=\"_blank\" rel=\"noreferrer noopener\">Datenschutzerkl\u00e4rung<\/a><\/li><li><a href=\"https:\/\/adssettings.google.com\/authenticated\" target=\"_blank\" rel=\"noreferrer noopener\">Opt-Out<\/a><\/li><\/ul>\n\n\n\n<p><strong>\u201eFacebook\u201c-Social-Plug-in<\/strong><br>In unserem Internetauftritt setzen wir das Plug-in des Social-Networks Facebook (facebook Inc., 1601 S. California Ave, Palo Alto, CA 94304, USA) ein. In der EU wird dieser Service von der Facebook Ireland Limited, 4 Grand Canal Square, Dublin 2, Irland, betrieben, nachfolgend werden beide nur \u201eFacebook\u201c genannt.<br>Weitergehende Informationen \u00fcber das Plug-ins h\u00e4lt Google <a href=\"https:\/\/developers.facebook.com\/docs\/plugins\/\" target=\"_blank\" rel=\"noreferrer noopener\">hier<\/a> f\u00fcr Sie bereit.<br><br>Sofern das Plug-in auf einer der von Ihnen besuchten Seiten unseres Internetauftritts hinterlegt ist, l\u00e4dt Ihr Internet-Browser eine Darstellung des Plug-ins von den Servern von Facebook in den USA herunter. Aus technischen Gr\u00fcnden ist es dabei notwendig, dass Facebook Ihre IP-Adresse verarbeitet. Daneben werden aber auch Datum und Uhrzeit des Besuchs unserer Internetseiten erfasst.<br><br>Sollten Sie bei Facebook eingeloggt sein, w\u00e4hrend Sie eine unserer mit dem Plug-in versehenen Internetseite besuchen, werden die durch das Plug-in gesammelten Informationen Ihres konkreten Besuchs von Facebook erkannt. Die so gesammelten Informationen weist Facebook wom\u00f6glich Ihrem dortigen pers\u00f6nlichen Nutzerkonto zu. Sofern Sie also bspw. den sog. \u201eGef\u00e4llt mir\u201c-Button von Facebook benutzen, werden diese Informationen in Ihrem Facebook-Nutzerkonto gespeichert und ggf. \u00fcber die Plattform von Facebook ver\u00f6ffentlicht. Wenn Sie das verhindern m\u00f6chten, m\u00fcssen Sie sich entweder vor dem Besuch unseres Internetauftritts bei Facebook ausloggen oder durch den Einsatz eines Add-ons f\u00fcr Ihren Internetbrowser verhindern, dass das Laden des Facebook-Plug-in blockiert wird.<br><br>Facebook ist unter dem <a href=\"https:\/\/www.privacyshield.gov\/participant?id=a2zt0000000GnywAAC&amp;status=Active\" target=\"_blank\" rel=\"noreferrer noopener\">Privacy-Shield-Abkommen zertifiziert<\/a> und bietet hierdurch eine Garantie, das europ\u00e4ische Datenschutzrecht einzuhalten.<\/p>\n\n\n\n<ul class=\"wp-block-list\"><li><a href=\"https:\/\/www.facebook.com\/policy.php\" target=\"_blank\" rel=\"noreferrer noopener\">Datenschutzerkl\u00e4rung<\/a><\/li><\/ul>\n\n\n\n<h3 class=\"wp-block-heading\">Rechtliches<\/h3>\n\n\n\n<p>Vervielf\u00e4ltigung oder Verwendung von Grafiken oder\/und Texten dieses Online-Angebotes in anderen elektronischen oder gedruckten Publikationen ist ohne ausdr\u00fcckliche Zustimmung nicht gestattet. Wir \u00fcbernehmen keine Haftung f\u00fcr die Aktualit\u00e4t, Richtigkeit und Vollst\u00e4ndigkeit der, auf dieser Website bereitgestellten Informationen. Dies gilt auch f\u00fcr all jene externen Daten dieses Web-Auftritts, auf die mittels eines Hyperlinks verwiesen wird.<\/p>\n\n\n\n<p class=\"has-medium-font-size\"><strong>Angaben im Sinne von Art. 1, Absatz 125 des Gesetzes Nr. 124 vom 4. August 2017<\/strong><\/p>\n\n\n\n<p><a rel=\"noreferrer noopener\" href=\"https:\/\/www.nalsmargreid.com\/wp-content\/uploads\/2022\/05\/Veroffentlichung-offentliche-Beitrage.pdf\" data-type=\"URL\" data-id=\"https:\/\/www.nalsmargreid.com\/wp-content\/uploads\/2022\/05\/Veroffentlichung-offentliche-Beitrage.pdf\" target=\"_blank\">2020<\/a><\/p>\n\n\n\n<p><a rel=\"noreferrer noopener\" href=\"https:\/\/www.nalsmargreid.com\/wp-content\/uploads\/2022\/05\/Veroffentlichung-offentliche-Beitrage-2021.pdf\" data-type=\"URL\" data-id=\"https:\/\/www.nalsmargreid.com\/wp-content\/uploads\/2022\/05\/Veroffentlichung-offentliche-Beitrage-2021.pdf\" target=\"_blank\">2021<\/a><\/p>\n","protected":false},"excerpt":{"rendered":"<p>V. 23.05.2018 Hiermit informieren wir Sie \u00fcber den Umgang und die Verwendung Ihren Daten (Art, Umfang und Zweck der Erhebung) und dem Datenschutz auf diesem Onlineangebot (kurz \u201eWebsite\u201c) gem\u00e4\u00df der europ\u00e4ischen Datenschutzgrundverordnung (EU 2016\/679, nachfolgend kurz \u201eDSGVO\u201c). Verantwortlicher f\u00fcr die Datenverarbeitung:Hannes Geiserinfo@nalsmargreid.comTel +39 0471 678626 Art der verarbeiteten Daten: Navigationsdaten:Die f\u00fcr die Funktion dieser Website [&hellip;]<\/p>\n","protected":false},"author":1,"featured_media":0,"parent":0,"menu_order":0,"comment_status":"closed","ping_status":"closed","template":"","meta":{"_acf_changed":false,"footnotes":""},"class_list":["post-3729","page","type-page","status-publish","hentry"],"acf":[],"yoast_head":"<!-- This site is optimized with the Yoast SEO plugin v23.1 - https:\/\/yoast.com\/wordpress\/plugins\/seo\/ -->\n<title>Privacy - Nals Margreid<\/title>\n<meta name=\"robots\" content=\"index, follow, max-snippet:-1, max-image-preview:large, max-video-preview:-1\" \/>\n<link rel=\"canonical\" href=\"https:\/\/www.nalsmargreid.com\/de\/privacy\/\" \/>\n<meta property=\"og:locale\" content=\"de_DE\" \/>\n<meta property=\"og:type\" content=\"article\" \/>\n<meta property=\"og:title\" content=\"Privacy - Nals Margreid\" \/>\n<meta property=\"og:description\" content=\"V. 23.05.2018 Hiermit informieren wir Sie \u00fcber den Umgang und die Verwendung Ihren Daten (Art, Umfang und Zweck der Erhebung) und dem Datenschutz auf diesem Onlineangebot (kurz \u201eWebsite\u201c) gem\u00e4\u00df der europ\u00e4ischen Datenschutzgrundverordnung (EU 2016\/679, nachfolgend kurz \u201eDSGVO\u201c). Verantwortlicher f\u00fcr die Datenverarbeitung:Hannes Geiserinfo@nalsmargreid.comTel +39 0471 678626 Art der verarbeiteten Daten: Navigationsdaten:Die f\u00fcr die Funktion dieser Website [&hellip;]\" \/>\n<meta property=\"og:url\" content=\"https:\/\/www.nalsmargreid.com\/de\/privacy\/\" \/>\n<meta property=\"og:site_name\" content=\"Nals Margreid\" \/>\n<meta property=\"article:modified_time\" content=\"2022-05-26T09:03:33+00:00\" \/>\n<meta name=\"twitter:card\" content=\"summary_large_image\" \/>\n<meta name=\"twitter:label1\" content=\"Gesch\u00e4tzte Lesezeit\" \/>\n\t<meta name=\"twitter:data1\" content=\"7\u00a0Minuten\" \/>\n<script type=\"application\/ld+json\" class=\"yoast-schema-graph\">{\"@context\":\"https:\/\/schema.org\",\"@graph\":[{\"@type\":\"WebPage\",\"@id\":\"https:\/\/www.nalsmargreid.com\/de\/privacy\/\",\"url\":\"https:\/\/www.nalsmargreid.com\/de\/privacy\/\",\"name\":\"Privacy - Nals Margreid\",\"isPartOf\":{\"@id\":\"https:\/\/www.nalsmargreid.com\/de\/#website\"},\"datePublished\":\"2021-10-01T05:36:03+00:00\",\"dateModified\":\"2022-05-26T09:03:33+00:00\",\"breadcrumb\":{\"@id\":\"https:\/\/www.nalsmargreid.com\/de\/privacy\/#breadcrumb\"},\"inLanguage\":\"de\",\"potentialAction\":[{\"@type\":\"ReadAction\",\"target\":[\"https:\/\/www.nalsmargreid.com\/de\/privacy\/\"]}]},{\"@type\":\"BreadcrumbList\",\"@id\":\"https:\/\/www.nalsmargreid.com\/de\/privacy\/#breadcrumb\",\"itemListElement\":[{\"@type\":\"ListItem\",\"position\":1,\"name\":\"Startseite\",\"item\":\"https:\/\/www.nalsmargreid.com\/de\/\"},{\"@type\":\"ListItem\",\"position\":2,\"name\":\"Privacy\"}]},{\"@type\":\"WebSite\",\"@id\":\"https:\/\/www.nalsmargreid.com\/de\/#website\",\"url\":\"https:\/\/www.nalsmargreid.com\/de\/\",\"name\":\"Nals Margreid\",\"description\":\"\",\"potentialAction\":[{\"@type\":\"SearchAction\",\"target\":{\"@type\":\"EntryPoint\",\"urlTemplate\":\"https:\/\/www.nalsmargreid.com\/de\/?s={search_term_string}\"},\"query-input\":\"required name=search_term_string\"}],\"inLanguage\":\"de\"}]}<\/script>\n<!-- \/ Yoast SEO plugin. -->","yoast_head_json":{"title":"Privacy - Nals Margreid","robots":{"index":"index","follow":"follow","max-snippet":"max-snippet:-1","max-image-preview":"max-image-preview:large","max-video-preview":"max-video-preview:-1"},"canonical":"https:\/\/www.nalsmargreid.com\/de\/privacy\/","og_locale":"de_DE","og_type":"article","og_title":"Privacy - Nals Margreid","og_description":"V. 23.05.2018 Hiermit informieren wir Sie \u00fcber den Umgang und die Verwendung Ihren Daten (Art, Umfang und Zweck der Erhebung) und dem Datenschutz auf diesem Onlineangebot (kurz \u201eWebsite\u201c) gem\u00e4\u00df der europ\u00e4ischen Datenschutzgrundverordnung (EU 2016\/679, nachfolgend kurz \u201eDSGVO\u201c). Verantwortlicher f\u00fcr die Datenverarbeitung:Hannes Geiserinfo@nalsmargreid.comTel +39 0471 678626 Art der verarbeiteten Daten: Navigationsdaten:Die f\u00fcr die Funktion dieser Website [&hellip;]","og_url":"https:\/\/www.nalsmargreid.com\/de\/privacy\/","og_site_name":"Nals Margreid","article_modified_time":"2022-05-26T09:03:33+00:00","twitter_card":"summary_large_image","twitter_misc":{"Gesch\u00e4tzte Lesezeit":"7\u00a0Minuten"},"schema":{"@context":"https:\/\/schema.org","@graph":[{"@type":"WebPage","@id":"https:\/\/www.nalsmargreid.com\/de\/privacy\/","url":"https:\/\/www.nalsmargreid.com\/de\/privacy\/","name":"Privacy - Nals Margreid","isPartOf":{"@id":"https:\/\/www.nalsmargreid.com\/de\/#website"},"datePublished":"2021-10-01T05:36:03+00:00","dateModified":"2022-05-26T09:03:33+00:00","breadcrumb":{"@id":"https:\/\/www.nalsmargreid.com\/de\/privacy\/#breadcrumb"},"inLanguage":"de","potentialAction":[{"@type":"ReadAction","target":["https:\/\/www.nalsmargreid.com\/de\/privacy\/"]}]},{"@type":"BreadcrumbList","@id":"https:\/\/www.nalsmargreid.com\/de\/privacy\/#breadcrumb","itemListElement":[{"@type":"ListItem","position":1,"name":"Startseite","item":"https:\/\/www.nalsmargreid.com\/de\/"},{"@type":"ListItem","position":2,"name":"Privacy"}]},{"@type":"WebSite","@id":"https:\/\/www.nalsmargreid.com\/de\/#website","url":"https:\/\/www.nalsmargreid.com\/de\/","name":"Nals Margreid","description":"","potentialAction":[{"@type":"SearchAction","target":{"@type":"EntryPoint","urlTemplate":"https:\/\/www.nalsmargreid.com\/de\/?s={search_term_string}"},"query-input":"required name=search_term_string"}],"inLanguage":"de"}]}},"_links":{"self":[{"href":"https:\/\/www.nalsmargreid.com\/de\/wp-json\/wp\/v2\/pages\/3729","targetHints":{"allow":["GET"]}}],"collection":[{"href":"https:\/\/www.nalsmargreid.com\/de\/wp-json\/wp\/v2\/pages"}],"about":[{"href":"https:\/\/www.nalsmargreid.com\/de\/wp-json\/wp\/v2\/types\/page"}],"author":[{"embeddable":true,"href":"https:\/\/www.nalsmargreid.com\/de\/wp-json\/wp\/v2\/users\/1"}],"replies":[{"embeddable":true,"href":"https:\/\/www.nalsmargreid.com\/de\/wp-json\/wp\/v2\/comments?post=3729"}],"version-history":[{"count":4,"href":"https:\/\/www.nalsmargreid.com\/de\/wp-json\/wp\/v2\/pages\/3729\/revisions"}],"predecessor-version":[{"id":6492,"href":"https:\/\/www.nalsmargreid.com\/de\/wp-json\/wp\/v2\/pages\/3729\/revisions\/6492"}],"wp:attachment":[{"href":"https:\/\/www.nalsmargreid.com\/de\/wp-json\/wp\/v2\/media?parent=3729"}],"curies":[{"name":"wp","href":"https:\/\/api.w.org\/{rel}","templated":true}]}}